{"id":28,"date":"2019-11-02T18:12:47","date_gmt":"2019-11-02T17:12:47","guid":{"rendered":"http:\/\/wls.strony.uw.edu.pl\/?page_id=28"},"modified":"2022-11-07T16:02:56","modified_gmt":"2022-11-07T15:02:56","slug":"sklad","status":"publish","type":"page","link":"http:\/\/wls.strony.uw.edu.pl\/en\/komisje-wydzialowe\/sklad\/","title":{"rendered":"Sk\u0142ad"},"content":{"rendered":"<h4 class=\"tekst_bold\">Zesp\u00f3\u0142 Zapewnienia Jako\u015bci Kszta\u0142cenia<\/h4>\n<ol>\n<li>Dr Olga Lesicka &#8211; przewodnicz\u0105ca<\/li>\n<li>Dr hab. El\u017cbieta Gajek<\/li>\n<li>Dr hab. Boris Schwencke<\/li>\n<li>Dr hab. Pawe\u0142 Szersze\u0144<\/li>\n<li>Dr Jadwiga Gracla<\/li>\n<li>Dr Anna Kizi\u0144ska<\/li>\n<li>Dr Dorota Piekarska-Winkler<\/li>\n<li>Mgr Anna Siwirska<\/li>\n<li>p. Aleksandra Smoczy\u0144ska<\/li>\n<\/ol>\n<h4 class=\"tekst_bold\">Komisja ds. Awans\u00f3w Profesorskich<\/h4>\n<ol>\n<li>Prof. dr hab. Ewa \u017bebrowska &#8211; przewodnicz\u0105ca<\/li>\n<li>Prof. dr hab. Ma\u0142gorzata Tryuk<\/li>\n<li>Prof. dr hab. Dorota Urbanek<\/li>\n<li>Prof. dr hab. Mikalaj Chaustowicz<\/li>\n<li>Prof. dr hab. Viachaslau Shved<\/li>\n<li>Prof. dr hab. Anna Tylusi\u0144ska-Kowalska<\/li>\n<li>Prof. dr hab. Ludmi\u0142a \u0141ucewicz<\/li>\n<\/ol>\n<h4 class=\"tekst_bold\">Komisja ds. Bada\u0144 Naukowych<\/h4>\n<ol>\n<li>Prof. UW dr hab. Silvia Bonacchi &#8211; przewodnicz\u0105ca<\/li>\n<li>Prof. dr hab. Mikalaj Chaustowicz<\/li>\n<li>Prof. dr hab. Walentyna Sobol<\/li>\n<li>Dr hab. \u0141ucja Biel<\/li>\n<li>Dr hab. Magdalena D\u0105browska<\/li>\n<li>Dr hab. Jerzy Grzybowski<\/li>\n<li>Dr hab. Magdalena Latkowska<\/li>\n<\/ol>\n<h4 class=\"tekst_bold\">Komisja Oceniaj\u0105ca<\/h4>\n<ol>\n<li>Dr hab. Ma\u0142gorzata Gu\u0142awska-Gawkowska &#8211; przewodnicz\u0105ca<\/li>\n<li>Prof. dr hab. Ludmi\u0142a \u0141ucewicz<\/li>\n<li>Dr hab. Iwona Krycka-Michnowska<\/li>\n<li>Dr hab. Pawe\u0142 Szersze\u0144<\/li>\n<li>Dr Anna Szafernakier-\u015awirko<\/li>\n<li>Dr Piotr G\u0142uszkowski<\/li>\n<li>Dr Dominika Michalak<\/li>\n<li><span style=\"line-height: 1.5\">Stali go\u015bcie<\/span>\n<p class=\"tekst_zwykly2\">Przedstawiciel Zwi\u0105zk\u00f3w Zawodowych<\/p>\n<p class=\"tekst_zwykly2\">Przedstawiciel NSZZ Solidarno\u015b\u0107<\/p>\n<\/li>\n<\/ol>\n<h4 class=\"tekst_bold\">Komisja ds. Studenckich i Procesu Kszta\u0142cenia<\/h4>\n<ol>\n<li>Dr Janina Mo\u0142czanow &#8211; przewodnicz\u0105ca<\/li>\n<li>Dr hab. Lidia Stefanowska<\/li>\n<li>Dr hab. Ludmi\u0142a Szypielewicz<\/li>\n<li>Dr Katarzyna Jakubowska-Krawczyk<\/li>\n<li>Dr Olga Lesicka<\/li>\n<li>Dr Marta Kaliska<\/li>\n<li>Dr Katarzyna Drozd<\/li>\n<li>Dr Anna Szcz\u0119sny<\/li>\n<li>Dr Dorota Piekarska-Winkler<\/li>\n<li>p. Patryk Fr\u0105ckiewicz<\/li>\n<\/ol>\n<h4 class=\"tekst_bold\">Komisja Konkursowa<\/h4>\n<ol>\n<li>Dr hab. Joanna Getka &#8211; przewodnicz\u0105ca<\/li>\n<li>Prof. UW dr hab. El\u017cbieta Jamrozik<\/li>\n<li>Dr hab. Anna Borowska<\/li>\n<li>Dr hab. Magdalena D\u0105browska<\/li>\n<li>Dr hab. Ewa Gruszczy\u0144ska<\/li>\n<li>Dr hab. Irena Mytnik<\/li>\n<li>Dr hab. Renata Karkowska (WZ)<\/li>\n<li>Dr hab. Marcin Wi\u0105cek (WPiA)<\/li>\n<\/ol>\n<h4 class=\"tekst_bold\">Komisja ds. Bud\u017cetu i Finans\u00f3w<\/h4>\n<ol>\n<li>Prof. UW dr hab. El\u017cbieta Jamrozik &#8211; przewodnicz\u0105ca<\/li>\n<li>Dr hab. Magdalena D\u0105browska<\/li>\n<li>Dr hab. Ewa Gruszczy\u0144ska<\/li>\n<li>Dr hab. Irena Mytnik<\/li>\n<li>Dr hab. Joanna Getka<\/li>\n<\/ol>\n<h4 class=\"tekst_bold\">Komisja ds. Studi\u00f3w Doktoranckich<\/h4>\n<ol>\n<li>Dr hab. Iryna Kononenko &#8211; przewodnicz\u0105ca<\/li>\n<li>Prof. dr hab. Ewa \u017bebrowska<\/li>\n<li>Prof. dr hab. Ludmi\u0142a \u0141ucewicz<\/li>\n<li>Prof. dr hab. Miko\u0142aj Chaustowicz<\/li>\n<li>Dr hab. Krzysztof Fordo\u0144ski<\/li>\n<li>Dr hab. Jerzy Grzybowski<\/li>\n<li>Dr hab. Grzegorz Paw\u0142owski<\/li>\n<li>Mgr \u0141ukasz Dutka<\/li>\n<\/ol>\n<h4 class=\"tekst_bold\">Komisja Weryfikacyjna<\/h4>\n<ol>\n<li>Prof. UW dr hab. El\u017cbieta Jamrozik &#8211; przewodnicz\u0105ca<\/li>\n<li>Dr hab. Ewa Gruszczy\u0144ska<\/li>\n<li>Dr hab. Anna Borowska<\/li>\n<li>Dr hab. Magdalena D\u0105browska<\/li>\n<li>Dr hab. Joanna Getka<\/li>\n<li>Dr hab. Irena Mytnik<\/li>\n<li>Prof. UW dr hab. Adam Tarnowski(WP)<\/li>\n<li>Dr hab. Tomasz Gackowski (WDIB)<\/li>\n<\/ol>","protected":false},"excerpt":{"rendered":"<p>Zesp\u00f3\u0142 Zapewnienia Jako\u015bci Kszta\u0142cenia Dr Olga Lesicka &#8211; przewodnicz\u0105ca Dr hab. El\u017cbieta Gajek Dr hab. Boris Schwencke Dr hab. Pawe\u0142 Szersze\u0144 Dr Jadwiga Gracla Dr Anna Kizi\u0144ska Dr Dorota Piekarska-Winkler [&hellip;]<\/p>\n","protected":false},"author":872,"featured_media":0,"parent":24,"menu_order":2,"comment_status":"closed","ping_status":"closed","template":"","meta":{"footnotes":"","_links_to":"","_links_to_target":""},"class_list":["post-28","page","type-page","status-publish","hentry","post-container","clearfix"],"acf":[],"_links":{"self":[{"href":"http:\/\/wls.strony.uw.edu.pl\/en\/wp-json\/wp\/v2\/pages\/28","targetHints":{"allow":["GET"]}}],"collection":[{"href":"http:\/\/wls.strony.uw.edu.pl\/en\/wp-json\/wp\/v2\/pages"}],"about":[{"href":"http:\/\/wls.strony.uw.edu.pl\/en\/wp-json\/wp\/v2\/types\/page"}],"author":[{"embeddable":true,"href":"http:\/\/wls.strony.uw.edu.pl\/en\/wp-json\/wp\/v2\/users\/872"}],"replies":[{"embeddable":true,"href":"http:\/\/wls.strony.uw.edu.pl\/en\/wp-json\/wp\/v2\/comments?post=28"}],"version-history":[{"count":14,"href":"http:\/\/wls.strony.uw.edu.pl\/en\/wp-json\/wp\/v2\/pages\/28\/revisions"}],"predecessor-version":[{"id":2705,"href":"http:\/\/wls.strony.uw.edu.pl\/en\/wp-json\/wp\/v2\/pages\/28\/revisions\/2705"}],"up":[{"embeddable":true,"href":"http:\/\/wls.strony.uw.edu.pl\/en\/wp-json\/wp\/v2\/pages\/24"}],"wp:attachment":[{"href":"http:\/\/wls.strony.uw.edu.pl\/en\/wp-json\/wp\/v2\/media?parent=28"}],"curies":[{"name":"wp","href":"https:\/\/api.w.org\/{rel}","templated":true}]}}